{"id":166,"date":"2022-05-11T19:15:24","date_gmt":"2022-05-11T17:15:24","guid":{"rendered":"https:\/\/iden3d.com\/ucda\/forum\/"},"modified":"2023-03-27T11:50:44","modified_gmt":"2023-03-27T09:50:44","slug":"forum","status":"publish","type":"page","link":"https:\/\/iden3d.com\/spiritualite-appliquee\/forum\/","title":{"rendered":"Forum"},"content":{"rendered":"<header class=\"entry-header\">\n<p class=\"entry-title\"><span style=\"font-size: revert\">L&rsquo;objet de ce forum est de susciter des \u00e9changes d\u2019exp\u00e9riences ou de r\u00e9flexions sur la mani\u00e8re de vivre sa spiritualit\u00e9.<\/span><\/p>\n<\/header>\n<div id=\"af-wrapper\"><div id=\"forum-header\"><div id=\"forum-navigation-mobile\"><a><span class=\"fas fa-bars\"><\/span>Menu<\/a><\/div><span class=\"screen-reader-text\">Navigation du forum<\/span><div id=\"forum-navigation\"><a class=\"home-link\" href=\"https:\/\/iden3d.com\/spiritualite-appliquee\/forum\" target=\"_self\">Forum<\/a><a class=\"login-link\" href=\"https:\/\/iden3d.com\/spiritualite-appliquee\/wp-login.php?redirect_to=https%3A%2F%2Fiden3d.com%2Fspiritualite-appliquee%2Fwp-json%2Fwp%2Fv2%2Fpages%2F166\" target=\"_self\">Se connecter<\/a><a class=\"register-link\" href=\"https:\/\/iden3d.com\/spiritualite-appliquee\/wp-login.php?action=register\" target=\"_self\">S\u2019enregistrer<\/a><\/div><div id=\"forum-search\"><span class=\"search-icon fas fa-search\"><\/span><form method=\"get\" action=\"https:\/\/iden3d.com\/spiritualite-appliquee\/forum\/search\/\"><input name=\"keywords\" type=\"search\" placeholder=\"Recherche\u2026\" value=\"\"><\/form><\/div><div class=\"clear\"><\/div><\/div><div id=\"forum-breadcrumbs\" itemscope itemtype=\"http:\/\/schema.org\/BreadcrumbList\"><span class=\"screen-reader-text\">Fil d\u2019Ariane du forum\u202f\u2013 Vous \u00eates ici\u202f:<\/span><span class=\"breadcrumb-icon fas fa-home\"><\/span><span itemprop=\"itemListElement\" itemscope itemtype=\"https:\/\/schema.org\/ListItem\"><a itemprop=\"item\" href=\"https:\/\/iden3d.com\/spiritualite-appliquee\/forum\" title=\"Forum\"><span itemprop=\"name\">Forum<\/span><\/a><meta itemprop=\"position\" content=\"1\"><\/span><span class=\"breadcrumb-icon fas fa-chevron-right separator\"><\/span><\/div><h1 class=\"main-title main-title-\">Forum<\/h1><div class=\"title-element\" id=\"forum-category-8\">Forum<span class=\"last-post-headline\">Dernier message\u202f:<\/span><\/div><div class=\"content-container\"><div class=\"content-element forum\" id=\"forum-11\"><div class=\"forum-status unread\"><i class=\"fas fa-comments\"><\/i><\/div><div class=\"forum-name\"><a class=\"forum-title\" href=\"https:\/\/iden3d.com\/spiritualite-appliquee\/forum\/forum\/11\/\">Cadre g\u00e9n\u00e9ral<\/a><small class=\"forum-stats\">6 sujets&nbsp;&middot;&nbsp;6 messages<\/small><small class=\"forum-lastpost-small\">Dernier article\u00a0:&nbsp;<a href=\"https:\/\/iden3d.com\/spiritualite-appliquee\/forum\/topic\/12\/#postid-12\">Pr\u00e9sentation de @vivreucda<\/a>&nbsp;&middot;&nbsp;<a href=\"https:\/\/iden3d.com\/spiritualite-appliquee\/forum\/topic\/12\/#postid-12\">il y a 3 ans <\/a>&nbsp;&middot;&nbsp;<a class=\"profile-link highlight-admin\" href=\"#\">vivreucda<\/a><\/small><small class=\"forum-subforums\"><b>Sous-forums:<\/b>&nbsp;<a href=\"https:\/\/iden3d.com\/spiritualite-appliquee\/forum\/forum\/14\/\">Recommandations<\/a>&nbsp;&middot;&nbsp;<a href=\"https:\/\/iden3d.com\/spiritualite-appliquee\/forum\/forum\/12\/\">Pr\u00e9sentations<\/a>&nbsp;&middot;&nbsp;<a href=\"https:\/\/iden3d.com\/spiritualite-appliquee\/forum\/forum\/13\/\">R\u00e8glements du forum<\/a><\/small><\/div><div class=\"forum-poster\"><div class=\"forum-poster-avatar\"><img alt='' src='https:\/\/secure.gravatar.com\/avatar\/f3ca4725312005d4894eda2431cb3242?s=40&#038;d=mm&#038;r=g' srcset='https:\/\/secure.gravatar.com\/avatar\/f3ca4725312005d4894eda2431cb3242?s=80&#038;d=mm&#038;r=g 2x' class='avatar avatar-40 photo' height='40' width='40' \/><\/div><div class=\"forum-poster-summary\"><a href=\"https:\/\/iden3d.com\/spiritualite-appliquee\/forum\/topic\/12\/#postid-12\">Pr\u00e9sentation de @vivreucd &#8230;<\/a><br><small><a href=\"https:\/\/iden3d.com\/spiritualite-appliquee\/forum\/topic\/12\/#postid-12\">il y a 3 ans <\/a><span>&nbsp;&middot;&nbsp;<\/span><a class=\"profile-link highlight-admin\" href=\"#\">vivreucda<\/a><\/small><\/div><\/div><\/div><div class=\"content-element forum\" id=\"forum-6\"><div class=\"forum-status unread\"><i class=\"fas fa-comments\"><\/i><\/div><div class=\"forum-name\"><a class=\"forum-title\" href=\"https:\/\/iden3d.com\/spiritualite-appliquee\/forum\/forum\/6\/\">LE FORUM Spiritualit\u00e9 appliqu\u00e9e<\/a><small class=\"forum-description\">Echanges sur le chemin spirituel propos\u00e9 sur ce site et plus particuli\u00e8rement sur le v\u00e9cu de ses enseignements<\/small><small class=\"forum-stats\">8 sujets&nbsp;&middot;&nbsp;8 messages<\/small><small class=\"forum-lastpost-small\">Dernier article\u00a0:&nbsp;<a href=\"https:\/\/iden3d.com\/spiritualite-appliquee\/forum\/topic\/18\/#postid-18\">Spiritualit\u00e9 appliqu\u00e9e \u2026 \u00e0 la vie  &#8230;<\/a>&nbsp;&middot;&nbsp;<a href=\"https:\/\/iden3d.com\/spiritualite-appliquee\/forum\/topic\/18\/#postid-18\">il y a 3 ans <\/a>&nbsp;&middot;&nbsp;<a class=\"profile-link highlight-admin\" href=\"#\">vivreucda<\/a><\/small><small class=\"forum-subforums\"><b>Sous-forums:<\/b>&nbsp;<a href=\"https:\/\/iden3d.com\/spiritualite-appliquee\/forum\/forum\/15\/\">G\u00e9n\u00e9ral<\/a>&nbsp;&middot;&nbsp;<a href=\"https:\/\/iden3d.com\/spiritualite-appliquee\/forum\/forum\/16\/\">Spiritualit\u00e9 appliqu\u00e9e \u00e0 ...<\/a><\/small><\/div><div class=\"forum-poster\"><div class=\"forum-poster-avatar\"><img alt='' src='https:\/\/secure.gravatar.com\/avatar\/f3ca4725312005d4894eda2431cb3242?s=40&#038;d=mm&#038;r=g' srcset='https:\/\/secure.gravatar.com\/avatar\/f3ca4725312005d4894eda2431cb3242?s=80&#038;d=mm&#038;r=g 2x' class='avatar avatar-40 photo' height='40' width='40' \/><\/div><div class=\"forum-poster-summary\"><a href=\"https:\/\/iden3d.com\/spiritualite-appliquee\/forum\/topic\/18\/#postid-18\">Spiritualit\u00e9 appliqu\u00e9e \u2026  &#8230;<\/a><br><small><a href=\"https:\/\/iden3d.com\/spiritualite-appliquee\/forum\/topic\/18\/#postid-18\">il y a 3 ans <\/a><span>&nbsp;&middot;&nbsp;<\/span><a class=\"profile-link highlight-admin\" href=\"#\">vivreucda<\/a><\/small><\/div><\/div><\/div><\/div><div id=\"read-unread\"><span class=\"indicator unread\"><\/span><span class=\"indicator-label\">Nouveaux messages<\/span><span class=\"indicator read\"><\/span><span class=\"indicator-label\">Rien de nouveau<\/span><span class=\"indicator-label\"><span class=\"fas fa-check\"><\/span><a href=\"https:\/\/iden3d.com\/spiritualite-appliquee\/forum\/markallread\/\">Tout marquer comme lu<\/a><\/span><span class=\"indicator-label\"><span class=\"fas fa-history\"><\/span><a href=\"https:\/\/iden3d.com\/spiritualite-appliquee\/forum\/unread\/\">Afficher les sujets non lus<\/a><\/span><div class=\"clear\"><\/div><\/div><div id=\"bottom-navigation\"><\/div><div class=\"clear\"><\/div><\/div>\n","protected":false},"excerpt":{"rendered":"<p>L&rsquo;objet de ce forum est de susciter des \u00e9changes d\u2019exp\u00e9riences ou de r\u00e9flexions sur la mani\u00e8re de vivre sa spiritualit\u00e9.<\/p>\n","protected":false},"author":1,"featured_media":0,"parent":0,"menu_order":3,"comment_status":"closed","ping_status":"closed","template":"","meta":{"footnotes":""},"_links":{"self":[{"href":"https:\/\/iden3d.com\/spiritualite-appliquee\/wp-json\/wp\/v2\/pages\/166"}],"collection":[{"href":"https:\/\/iden3d.com\/spiritualite-appliquee\/wp-json\/wp\/v2\/pages"}],"about":[{"href":"https:\/\/iden3d.com\/spiritualite-appliquee\/wp-json\/wp\/v2\/types\/page"}],"author":[{"embeddable":true,"href":"https:\/\/iden3d.com\/spiritualite-appliquee\/wp-json\/wp\/v2\/users\/1"}],"replies":[{"embeddable":true,"href":"https:\/\/iden3d.com\/spiritualite-appliquee\/wp-json\/wp\/v2\/comments?post=166"}],"version-history":[{"count":18,"href":"https:\/\/iden3d.com\/spiritualite-appliquee\/wp-json\/wp\/v2\/pages\/166\/revisions"}],"predecessor-version":[{"id":1162,"href":"https:\/\/iden3d.com\/spiritualite-appliquee\/wp-json\/wp\/v2\/pages\/166\/revisions\/1162"}],"wp:attachment":[{"href":"https:\/\/iden3d.com\/spiritualite-appliquee\/wp-json\/wp\/v2\/media?parent=166"}],"curies":[{"name":"wp","href":"https:\/\/api.w.org\/{rel}","templated":true}]}}